{"id":73,"date":"2015-09-13T14:36:36","date_gmt":"2015-09-13T14:36:36","guid":{"rendered":"http:\/\/eglise.lamottesaintmartin.fr\/?page_id=73"},"modified":"2022-09-26T20:28:49","modified_gmt":"2022-09-26T19:28:49","slug":"realisations-et-activites-de-lassociation","status":"publish","type":"page","link":"https:\/\/eglise.lamottesaintmartin.fr\/?page_id=73","title":{"rendered":"R\u00e9alisations et activit\u00e9s de l&rsquo;association"},"content":{"rendered":"<h5>MARCHE DE NOEL 2022<\/h5>\n<p>Cette ann\u00e9e, le march\u00e9 de No\u00ebl aura lieu le samedi 3 d\u00e9cembre 2022. Il sera, comme l&rsquo;an pass\u00e9, organis\u00e9 en partenariat avec l&rsquo;association Les Amis de N&rsquo;Tjilla.<\/p>\n<p>Plus d&rsquo;informations \u00e0 venir.<\/p>\n<h5>SPECTACLE &#8211; 1ER OCTOBRE 2022<\/h5>\n<p>L\u2019association de Sauvegarde de l\u2019\u00e9glise associ\u00e9e \u00e0 l\u2019association N\u2019Tjilla vous propose un spectacle du groupe vocal<a href=\"https:\/\/eglise.lamottesaintmartin.fr\/wp-content\/uploads\/2022\/09\/Concert-1-10-2022.jpg\"><img loading=\"lazy\" decoding=\"async\" class=\"alignright size-thumbnail wp-image-757\" src=\"https:\/\/eglise.lamottesaintmartin.fr\/wp-content\/uploads\/2022\/09\/Concert-1-10-2022-150x150.jpg\" alt=\"\" width=\"150\" height=\"150\" srcset=\"https:\/\/eglise.lamottesaintmartin.fr\/wp-content\/uploads\/2022\/09\/Concert-1-10-2022-150x150.jpg 150w, https:\/\/eglise.lamottesaintmartin.fr\/wp-content\/uploads\/2022\/09\/Concert-1-10-2022-230x230.jpg 230w\" sizes=\"auto, (max-width: 150px) 100vw, 150px\" \/><\/a> d\u2019Eybens ce samedi 1er octobre 2022 \u00e0 la salle de spectacle Jean MAGNAT.<\/p>\n<ul>\n<li>Heure : 18h00<\/li>\n<li>Tarifs : participation libre<\/li>\n<li>Public : tous publics<\/li>\n<\/ul>\n<h5>JOURNEE DU PATRIMOINE 2022<\/h5>\n<p>Le 17 septembre 2022, l&rsquo;association r\u00e9it\u00e8re sa participation aux journ\u00e9es du patrimoine en ouvrant les portes de l&rsquo;\u00e9glise au public.<\/p>\n<ul>\n<li>Nous vous donnons rendez-vous \u00e0 l&rsquo;\u00e9glise de 14h30 \u00e0 17h30<\/li>\n<\/ul>\n<h5 style=\"text-align: left;\">VIDE GRENIER 2022<\/h5>\n<p>L&rsquo;association participe au vide grenier organis\u00e9 par le Comit\u00e9 des F\u00eates de la Motte-Saint-Martin :<\/p>\n<ul>\n<li>Nous avons r\u00e9serv\u00e9 un stand \u00e0 ce vide grenier qui aura lieu le samedi 10 septembre 2022 de 7 \u00e0 17 heures sur le terrain \u00e0 c\u00f4t\u00e9 de la piscine,<\/li>\n<li>S&rsquo;il y a des volontaires pour nous aider \u00e0 installer, tenir et d\u00e9sinstaller le stand, merci de contacter Marie-Claire MENUDIER au 06 75 63 08 30<\/li>\n<\/ul>\n<h5><strong><span style=\"font-size: 14pt;\">MARCHE DE NOEL 2021<\/span><\/strong><\/h5>\n<p>Le march\u00e9 de No\u00ebl se d\u00e9roulera le samedi 4 d\u00e9cembre 2021 de 10h \u00e0 18h30 \u00e0 la salle polyvalente situ\u00e9e au rez-de-chauss\u00e9e de l&rsquo;Espace Jean MAGNAT.<a href=\"https:\/\/eglise.lamottesaintmartin.fr\/wp-content\/uploads\/2021\/10\/marche-noel-SEMSM.jpg\"><img loading=\"lazy\" decoding=\"async\" class=\"alignright wp-image-752 size-medium\" src=\"https:\/\/eglise.lamottesaintmartin.fr\/wp-content\/uploads\/2021\/10\/marche-noel-SEMSM-300x210.jpg\" alt=\"\" width=\"300\" height=\"210\" srcset=\"https:\/\/eglise.lamottesaintmartin.fr\/wp-content\/uploads\/2021\/10\/marche-noel-SEMSM-300x210.jpg 300w, https:\/\/eglise.lamottesaintmartin.fr\/wp-content\/uploads\/2021\/10\/marche-noel-SEMSM-768x539.jpg 768w, https:\/\/eglise.lamottesaintmartin.fr\/wp-content\/uploads\/2021\/10\/marche-noel-SEMSM.jpg 831w\" sizes=\"auto, (max-width: 300px) 100vw, 300px\" \/><\/a><\/p>\n<p>Nous esp\u00e9rons vous y voir nombreux(ses).<\/p>\n<p>Vous pourrez y d\u00e9couvrir et acqu\u00e9rir le calendrier de l&rsquo;ann\u00e9e 2022 qui a \u00e9t\u00e9 cr\u00e9\u00e9 par les b\u00e9n\u00e9voles de l&rsquo;association. Il sera d&rsquo;ailleurs mis en vente lors du march\u00e9 de No\u00ebl au prix de 10 \u20ac au profit de l&rsquo;association de Sauvegarde de l&rsquo;\u00e9glise.<\/p>\n<h5 style=\"text-align: left;\"><strong><span style=\"font-size: 14pt;\">Septembre 2021 :<\/span><\/strong><\/h5>\n<p>Notre \u00e9glise inscrite dans les propositions de visite pour la journ\u00e9e du Patrimoine\u00a0!<\/p>\n<p>Et pourquoi pas\u00a0??<\/p>\n<p>Notre nouvelle Pr\u00e9sidente, Marie-Claire MENUDIER, a eu raison de prendre cette initiative, 40 personnes dont quelques enfants sont venus voir notre \u00e9glise, dont la peinture int\u00e9rieure a \u00e9t\u00e9 refaite par Monsieur DEZOTHEZ Lionel \u00ab\u00a0DEZO RENOV\u00a0\u00bb.<\/p>\n<p>Malgr\u00e9 les difficult\u00e9s rencontr\u00e9es en 2020, pand\u00e9mie, fuite importante du toit, ces travaux ont pu se terminer en juillet cette ann\u00e9e.<\/p>\n<p>Les visiteurs ont \u00e9t\u00e9 surpris et ont appr\u00e9ci\u00e9 cette remise en \u00e9tat de notre \u00e9glise. La Mairie a contribu\u00e9 \u00e0 la r\u00e9paration des vitraux, de la toiture, du clocher, de la rambarde de la tribune, et \u00e0 l\u2019aide ponctuelle de plusieurs d\u00e9m\u00e9nagements pour que les travaux de peinture puissent \u00eatre r\u00e9alis\u00e9s. Notre association \u00ab\u00a0Sauvegarde de l\u2019\u00e9glise de LA MOTTE ST MARTIN\u00a0\u00bb a compl\u00e8tement subvenu aux frais de ma\u00e7onnerie, r\u00e9novation des soubassements en pierres apparentes ainsi qu\u2019\u00e0 la peinture int\u00e9rieure de toute l\u2019\u00e9glise. Des dons de sympathisants, abbayes, conseil g\u00e9n\u00e9ral, d\u00e9partement, etc. ont permis d\u2019honorer le montant de la facture ainsi que nos concerts, vide-greniers, vente de brioches ou produits de notre fabrication au moment de No\u00ebl, etc.<\/p>\n<p>Au cours de cette visite les personnes ont savour\u00e9 ce moment de visite bien s\u00fbr, mais aussi ce moment d\u2019accueil et d\u2019\u00e9changes. Parfois les \u00ab\u00a0bavardages\u00a0\u00bb se prolongeaient\u2026 nous avions le temps puisque l\u2019\u00c9glise \u00e9tait ouverte de 9h du matin \u00e0 18h le soir\u2026 avec la pr\u00e9sence de plusieurs membres de l\u2019Association\u00a0!<\/p>\n<div id=\"attachment_708\" style=\"width: 235px\" class=\"wp-caption aligncenter\"><a href=\"https:\/\/eglise.lamottesaintmartin.fr\/wp-content\/uploads\/2021\/10\/PHOTO-1.jpg\"><img loading=\"lazy\" decoding=\"async\" aria-describedby=\"caption-attachment-708\" class=\"wp-image-708 size-medium\" src=\"https:\/\/eglise.lamottesaintmartin.fr\/wp-content\/uploads\/2021\/10\/PHOTO-1-225x300.jpg\" alt=\"\" width=\"225\" height=\"300\" srcset=\"https:\/\/eglise.lamottesaintmartin.fr\/wp-content\/uploads\/2021\/10\/PHOTO-1-225x300.jpg 225w, https:\/\/eglise.lamottesaintmartin.fr\/wp-content\/uploads\/2021\/10\/PHOTO-1-768x1024.jpg 768w, https:\/\/eglise.lamottesaintmartin.fr\/wp-content\/uploads\/2021\/10\/PHOTO-1-1152x1536.jpg 1152w, https:\/\/eglise.lamottesaintmartin.fr\/wp-content\/uploads\/2021\/10\/PHOTO-1.jpg 1497w\" sizes=\"auto, (max-width: 225px) 100vw, 225px\" \/><\/a><p id=\"caption-attachment-708\" class=\"wp-caption-text\">Int\u00e9rieur de l&rsquo;\u00e9glise r\u00e9nov\u00e9<\/p><\/div>\n<h5 style=\"text-align: left;\"><strong><span style=\"font-size: 14pt;\">Avril 2018 :<\/span><\/strong><\/h5>\n<p>Des membres de l&rsquo;association ont anim\u00e9 un stand au vide grenier de La Motte d&rsquo;Aveillans avec du tr\u00e8s beau temps, de la bonne humeur et quelques belles ventes.<\/p>\n\n\t\t<style type=\"text\/css\">\n\t\t\t#gallery-1 {\n\t\t\t\tmargin: auto;\n\t\t\t}\n\t\t\t#gallery-1 .gallery-item {\n\t\t\t\tfloat: left;\n\t\t\t\tmargin-top: 10px;\n\t\t\t\ttext-align: center;\n\t\t\t\twidth: 33%;\n\t\t\t}\n\t\t\t#gallery-1 img {\n\t\t\t\tborder: 2px solid #cfcfcf;\n\t\t\t}\n\t\t\t#gallery-1 .gallery-caption {\n\t\t\t\tmargin-left: 0;\n\t\t\t}\n\t\t\t\/* see gallery_shortcode() in wp-includes\/media.php *\/\n\t\t<\/style>\n\t\t<div id='gallery-1' class='gallery galleryid-73 gallery-columns-3 gallery-size-medium'><dl class='gallery-item'>\n\t\t\t<dt class='gallery-icon landscape'>\n\t\t\t\t<a href='https:\/\/eglise.lamottesaintmartin.fr\/wp-content\/uploads\/2018\/04\/DSC02310.jpg'><img loading=\"lazy\" decoding=\"async\" width=\"300\" height=\"225\" src=\"https:\/\/eglise.lamottesaintmartin.fr\/wp-content\/uploads\/2018\/04\/DSC02310-300x225.jpg\" class=\"attachment-medium size-medium\" alt=\"\" srcset=\"https:\/\/eglise.lamottesaintmartin.fr\/wp-content\/uploads\/2018\/04\/DSC02310-300x225.jpg 300w, https:\/\/eglise.lamottesaintmartin.fr\/wp-content\/uploads\/2018\/04\/DSC02310-768x576.jpg 768w, https:\/\/eglise.lamottesaintmartin.fr\/wp-content\/uploads\/2018\/04\/DSC02310-1024x768.jpg 1024w\" sizes=\"auto, (max-width: 300px) 100vw, 300px\" \/><\/a>\n\t\t\t<\/dt><\/dl><dl class='gallery-item'>\n\t\t\t<dt class='gallery-icon landscape'>\n\t\t\t\t<a href='https:\/\/eglise.lamottesaintmartin.fr\/wp-content\/uploads\/2018\/04\/DSC02311.jpg'><img loading=\"lazy\" decoding=\"async\" width=\"300\" height=\"225\" src=\"https:\/\/eglise.lamottesaintmartin.fr\/wp-content\/uploads\/2018\/04\/DSC02311-300x225.jpg\" class=\"attachment-medium size-medium\" alt=\"\" srcset=\"https:\/\/eglise.lamottesaintmartin.fr\/wp-content\/uploads\/2018\/04\/DSC02311-300x225.jpg 300w, https:\/\/eglise.lamottesaintmartin.fr\/wp-content\/uploads\/2018\/04\/DSC02311-768x576.jpg 768w, https:\/\/eglise.lamottesaintmartin.fr\/wp-content\/uploads\/2018\/04\/DSC02311-1024x768.jpg 1024w\" sizes=\"auto, (max-width: 300px) 100vw, 300px\" \/><\/a>\n\t\t\t<\/dt><\/dl><dl class='gallery-item'>\n\t\t\t<dt class='gallery-icon landscape'>\n\t\t\t\t<a href='https:\/\/eglise.lamottesaintmartin.fr\/wp-content\/uploads\/2018\/04\/DSC02312.jpg'><img loading=\"lazy\" decoding=\"async\" width=\"300\" height=\"225\" src=\"https:\/\/eglise.lamottesaintmartin.fr\/wp-content\/uploads\/2018\/04\/DSC02312-300x225.jpg\" class=\"attachment-medium size-medium\" alt=\"\" srcset=\"https:\/\/eglise.lamottesaintmartin.fr\/wp-content\/uploads\/2018\/04\/DSC02312-300x225.jpg 300w, https:\/\/eglise.lamottesaintmartin.fr\/wp-content\/uploads\/2018\/04\/DSC02312-768x576.jpg 768w, https:\/\/eglise.lamottesaintmartin.fr\/wp-content\/uploads\/2018\/04\/DSC02312-1024x768.jpg 1024w\" sizes=\"auto, (max-width: 300px) 100vw, 300px\" \/><\/a>\n\t\t\t<\/dt><\/dl><br style=\"clear: both\" \/>\n\t\t<\/div>\n\n<p style=\"text-align: center;\">Le Moral de l&rsquo;\u00e9quipe est au beau fixe!!<\/p>\n<h5 style=\"text-align: center;\"><\/h5>\n\n\t\t<style type=\"text\/css\">\n\t\t\t#gallery-2 {\n\t\t\t\tmargin: auto;\n\t\t\t}\n\t\t\t#gallery-2 .gallery-item {\n\t\t\t\tfloat: left;\n\t\t\t\tmargin-top: 10px;\n\t\t\t\ttext-align: center;\n\t\t\t\twidth: 33%;\n\t\t\t}\n\t\t\t#gallery-2 img {\n\t\t\t\tborder: 2px solid #cfcfcf;\n\t\t\t}\n\t\t\t#gallery-2 .gallery-caption {\n\t\t\t\tmargin-left: 0;\n\t\t\t}\n\t\t\t\/* see gallery_shortcode() in wp-includes\/media.php *\/\n\t\t<\/style>\n\t\t<div id='gallery-2' class='gallery galleryid-73 gallery-columns-3 gallery-size-medium'><dl class='gallery-item'>\n\t\t\t<dt class='gallery-icon portrait'>\n\t\t\t\t<a href='https:\/\/eglise.lamottesaintmartin.fr\/wp-content\/uploads\/2018\/08\/016.jpg'><img loading=\"lazy\" decoding=\"async\" width=\"225\" height=\"300\" src=\"https:\/\/eglise.lamottesaintmartin.fr\/wp-content\/uploads\/2018\/08\/016-225x300.jpg\" class=\"attachment-medium size-medium\" alt=\"\" srcset=\"https:\/\/eglise.lamottesaintmartin.fr\/wp-content\/uploads\/2018\/08\/016-225x300.jpg 225w, https:\/\/eglise.lamottesaintmartin.fr\/wp-content\/uploads\/2018\/08\/016-768x1024.jpg 768w\" sizes=\"auto, (max-width: 225px) 100vw, 225px\" \/><\/a>\n\t\t\t<\/dt><\/dl><dl class='gallery-item'>\n\t\t\t<dt class='gallery-icon landscape'>\n\t\t\t\t<a href='https:\/\/eglise.lamottesaintmartin.fr\/wp-content\/uploads\/2018\/08\/018.jpg'><img loading=\"lazy\" decoding=\"async\" width=\"300\" height=\"225\" src=\"https:\/\/eglise.lamottesaintmartin.fr\/wp-content\/uploads\/2018\/08\/018-300x225.jpg\" class=\"attachment-medium size-medium\" alt=\"\" srcset=\"https:\/\/eglise.lamottesaintmartin.fr\/wp-content\/uploads\/2018\/08\/018-300x225.jpg 300w, https:\/\/eglise.lamottesaintmartin.fr\/wp-content\/uploads\/2018\/08\/018-768x576.jpg 768w, https:\/\/eglise.lamottesaintmartin.fr\/wp-content\/uploads\/2018\/08\/018-1024x768.jpg 1024w\" sizes=\"auto, (max-width: 300px) 100vw, 300px\" \/><\/a>\n\t\t\t<\/dt><\/dl><dl class='gallery-item'>\n\t\t\t<dt class='gallery-icon portrait'>\n\t\t\t\t<a href='https:\/\/eglise.lamottesaintmartin.fr\/wp-content\/uploads\/2018\/08\/007.jpg'><img loading=\"lazy\" decoding=\"async\" width=\"225\" height=\"300\" src=\"https:\/\/eglise.lamottesaintmartin.fr\/wp-content\/uploads\/2018\/08\/007-225x300.jpg\" class=\"attachment-medium size-medium\" alt=\"\" srcset=\"https:\/\/eglise.lamottesaintmartin.fr\/wp-content\/uploads\/2018\/08\/007-225x300.jpg 225w, https:\/\/eglise.lamottesaintmartin.fr\/wp-content\/uploads\/2018\/08\/007-768x1024.jpg 768w\" sizes=\"auto, (max-width: 225px) 100vw, 225px\" \/><\/a>\n\t\t\t<\/dt><\/dl><br style=\"clear: both\" \/>\n\t\t<\/div>\n\n<p>Armand est venu b\u00e9nir les travaux en cours ; tout cela nous encourage.<\/p>\n<p>Lors de la visite de l\u2019\u00e9glise avec une quinzaine de personnes Franck MARI\u00c9 n&rsquo;a pu s\u2019emp\u00eacher de faire un test d\u2019acoustique, il interpr\u00e9tera sans accompagnement un magnifique AVE-MARIA.<\/p>\n<h5><strong>Vente de calendriers :<\/strong><\/h5>\n<p>Une vente de calendriers, sur le march\u00e9 de la Motte d&rsquo;Aveillans, de p\u00e2tes de fruit, de photos, de sachets lavande,\u00a0 au profit de l\u2019\u00e9glise de la Motte Saint Martin.<\/p>\n\n\t\t<style type=\"text\/css\">\n\t\t\t#gallery-3 {\n\t\t\t\tmargin: auto;\n\t\t\t}\n\t\t\t#gallery-3 .gallery-item {\n\t\t\t\tfloat: left;\n\t\t\t\tmargin-top: 10px;\n\t\t\t\ttext-align: center;\n\t\t\t\twidth: 100%;\n\t\t\t}\n\t\t\t#gallery-3 img {\n\t\t\t\tborder: 2px solid #cfcfcf;\n\t\t\t}\n\t\t\t#gallery-3 .gallery-caption {\n\t\t\t\tmargin-left: 0;\n\t\t\t}\n\t\t\t\/* see gallery_shortcode() in wp-includes\/media.php *\/\n\t\t<\/style>\n\t\t<div id='gallery-3' class='gallery galleryid-73 gallery-columns-1 gallery-size-medium'><dl class='gallery-item'>\n\t\t\t<dt class='gallery-icon landscape'>\n\t\t\t\t<a href='https:\/\/eglise.lamottesaintmartin.fr\/wp-content\/uploads\/2015\/09\/sauvegarde-de-leglise-au-march\u00e9.jpg'><img loading=\"lazy\" decoding=\"async\" width=\"300\" height=\"225\" src=\"https:\/\/eglise.lamottesaintmartin.fr\/wp-content\/uploads\/2015\/09\/sauvegarde-de-leglise-au-march\u00e9-300x225.jpg\" class=\"attachment-medium size-medium\" alt=\"\" srcset=\"https:\/\/eglise.lamottesaintmartin.fr\/wp-content\/uploads\/2015\/09\/sauvegarde-de-leglise-au-march\u00e9-300x225.jpg 300w, https:\/\/eglise.lamottesaintmartin.fr\/wp-content\/uploads\/2015\/09\/sauvegarde-de-leglise-au-march\u00e9-1024x768.jpg 1024w\" sizes=\"auto, (max-width: 300px) 100vw, 300px\" \/><\/a>\n\t\t\t<\/dt><\/dl><br style=\"clear: both\" \/>\n\t\t<\/div>\n\n","protected":false},"excerpt":{"rendered":"<p>MARCHE DE NOEL 2022 Cette ann\u00e9e, le march\u00e9 de No\u00ebl aura lieu le samedi 3 d\u00e9cembre 2022. Il sera, comme l&rsquo;an pass\u00e9, organis\u00e9 en partenariat avec l&rsquo;association Les Amis de N&rsquo;Tjilla. Plus d&rsquo;informations \u00e0 venir. SPECTACLE &#8211; 1ER OCTOBRE 2022&hellip; <\/p>\n","protected":false},"author":1,"featured_media":0,"parent":0,"menu_order":0,"comment_status":"closed","ping_status":"closed","template":"","meta":{"footnotes":""},"class_list":["post-73","page","type-page","status-publish","hentry"],"_links":{"self":[{"href":"https:\/\/eglise.lamottesaintmartin.fr\/index.php?rest_route=\/wp\/v2\/pages\/73","targetHints":{"allow":["GET"]}}],"collection":[{"href":"https:\/\/eglise.lamottesaintmartin.fr\/index.php?rest_route=\/wp\/v2\/pages"}],"about":[{"href":"https:\/\/eglise.lamottesaintmartin.fr\/index.php?rest_route=\/wp\/v2\/types\/page"}],"author":[{"embeddable":true,"href":"https:\/\/eglise.lamottesaintmartin.fr\/index.php?rest_route=\/wp\/v2\/users\/1"}],"replies":[{"embeddable":true,"href":"https:\/\/eglise.lamottesaintmartin.fr\/index.php?rest_route=%2Fwp%2Fv2%2Fcomments&post=73"}],"version-history":[{"count":71,"href":"https:\/\/eglise.lamottesaintmartin.fr\/index.php?rest_route=\/wp\/v2\/pages\/73\/revisions"}],"predecessor-version":[{"id":758,"href":"https:\/\/eglise.lamottesaintmartin.fr\/index.php?rest_route=\/wp\/v2\/pages\/73\/revisions\/758"}],"wp:attachment":[{"href":"https:\/\/eglise.lamottesaintmartin.fr\/index.php?rest_route=%2Fwp%2Fv2%2Fmedia&parent=73"}],"curies":[{"name":"wp","href":"https:\/\/api.w.org\/{rel}","templated":true}]}}